{"id":38,"date":"2026-03-09T09:54:50","date_gmt":"2026-03-09T09:54:50","guid":{"rendered":"https:\/\/chezelsy.ch\/?page_id=38"},"modified":"2026-04-28T22:05:34","modified_gmt":"2026-04-28T22:05:34","slug":"hebergement","status":"publish","type":"page","link":"https:\/\/chezelsy.ch\/it\/hebergement\/","title":{"rendered":"Alloggio"},"content":{"rendered":"<div data-elementor-type=\"wp-page\" data-elementor-id=\"38\" class=\"elementor elementor-38\" data-elementor-post-type=\"page\">\n\t\t\t\t<div data-particle_enable=\"false\" data-particle-mobile-disabled=\"false\" class=\"elementor-element elementor-element-af20db6 e-flex e-con-boxed e-con e-parent\" data-id=\"af20db6\" data-element_type=\"container\" data-e-type=\"container\" data-settings=\"{&quot;background_background&quot;:&quot;classic&quot;}\">\n\t\t\t\t\t<div class=\"e-con-inner\">\n\t\t\t\t<div class=\"elementor-element elementor-element-be2adfa elementor-widget elementor-widget-text-editor\" data-id=\"be2adfa\" data-element_type=\"widget\" data-e-type=\"widget\" data-widget_type=\"text-editor.default\">\n\t\t\t\t\t\t\t\t\t<p>Crans-Montana \u00b7 H\u00f4tel familial depuis 1961.<\/p>\t\t\t\t\t\t\t\t<\/div>\n\t\t\t\t<div class=\"elementor-element elementor-element-da20958 elementor-widget-divider--view-line elementor-widget elementor-widget-divider\" data-id=\"da20958\" data-element_type=\"widget\" data-e-type=\"widget\" data-widget_type=\"divider.default\">\n\t\t\t\t\t\t\t<div class=\"elementor-divider\">\n\t\t\t<span class=\"elementor-divider-separator\">\n\t\t\t\t\t\t<\/span>\n\t\t<\/div>\n\t\t\t\t\t\t<\/div>\n\t\t\t\t<div class=\"elementor-element elementor-element-891f445 elementor-widget elementor-widget-heading\" data-id=\"891f445\" data-element_type=\"widget\" data-e-type=\"widget\" data-widget_type=\"heading.default\">\n\t\t\t\t\t<h1 class=\"elementor-heading-title elementor-size-default\">Nos Chambres<\/h1>\t\t\t\t<\/div>\n\t\t\t\t<div class=\"elementor-element elementor-element-2f4643b elementor-widget-divider--view-line elementor-widget elementor-widget-divider\" data-id=\"2f4643b\" data-element_type=\"widget\" data-e-type=\"widget\" data-widget_type=\"divider.default\">\n\t\t\t\t\t\t\t<div class=\"elementor-divider\">\n\t\t\t<span class=\"elementor-divider-separator\">\n\t\t\t\t\t\t<\/span>\n\t\t<\/div>\n\t\t\t\t\t\t<\/div>\n\t\t\t\t\t<\/div>\n\t\t\t\t<\/div>\n\t\t<div data-particle_enable=\"false\" data-particle-mobile-disabled=\"false\" class=\"elementor-element elementor-element-5f8573e e-flex e-con-boxed e-con e-parent\" data-id=\"5f8573e\" data-element_type=\"container\" data-e-type=\"container\" data-settings=\"{&quot;background_background&quot;:&quot;classic&quot;}\">\n\t\t\t\t\t<div class=\"e-con-inner\">\n\t\t\t\t<div class=\"elementor-element elementor-element-e951555 elementor-widget elementor-widget-text-editor\" data-id=\"e951555\" data-element_type=\"widget\" data-e-type=\"widget\" data-widget_type=\"text-editor.default\">\n\t\t\t\t\t\t\t\t\t<p>Vos nuits de r\u00eaves \u00e0 Crans-Montana<\/p>\t\t\t\t\t\t\t\t<\/div>\n\t\t\t\t<div class=\"elementor-element elementor-element-8eaa7e1 elementor-widget elementor-widget-heading\" data-id=\"8eaa7e1\" data-element_type=\"widget\" data-e-type=\"widget\" data-widget_type=\"heading.default\">\n\t\t\t\t\t<h2 class=\"elementor-heading-title elementor-size-default\">Des chambres avec caract\u00e8re,\nune vue qui donne envie de rester<\/h2>\t\t\t\t<\/div>\n\t\t\t\t<div class=\"elementor-element elementor-element-ff4f16a elementor-widget elementor-widget-text-editor\" data-id=\"ff4f16a\" data-element_type=\"widget\" data-e-type=\"widget\" data-widget_type=\"text-editor.default\">\n\t\t\t\t\t\t\t\t\t<p>L&rsquo;h\u00f4tel Chez Elsy dispose de neuf chambres doubles, de deux chambres simples et d&rsquo;une chambre quadruple fra\u00eechement r\u00e9nov\u00e9e \u2014 soit 24 lits au total. Une d\u00e9coration vintage, une ambiance familiale avec petit-d\u00e9jeuner inclus.<\/p>\t\t\t\t\t\t\t\t<\/div>\n\t\t\t\t<div class=\"elementor-element elementor-element-2322b50 elementor-widget-divider--view-line elementor-widget elementor-widget-divider\" data-id=\"2322b50\" data-element_type=\"widget\" data-e-type=\"widget\" data-widget_type=\"divider.default\">\n\t\t\t\t\t\t\t<div class=\"elementor-divider\">\n\t\t\t<span class=\"elementor-divider-separator\">\n\t\t\t\t\t\t<\/span>\n\t\t<\/div>\n\t\t\t\t\t\t<\/div>\n\t\t\t\t\t<\/div>\n\t\t\t\t<\/div>\n\t\t<div data-particle_enable=\"false\" data-particle-mobile-disabled=\"false\" class=\"elementor-element elementor-element-20ee940 e-con-full e-flex e-con e-parent\" data-id=\"20ee940\" data-element_type=\"container\" data-e-type=\"container\">\n\t\t<div data-particle_enable=\"false\" data-particle-mobile-disabled=\"false\" class=\"elementor-element elementor-element-c576a8a e-con-full animated-slow e-flex elementor-invisible e-con e-child\" data-id=\"c576a8a\" data-element_type=\"container\" data-e-type=\"container\" data-settings=\"{&quot;background_background&quot;:&quot;classic&quot;,&quot;animation&quot;:&quot;fadeInUp&quot;,&quot;animation_delay&quot;:300}\">\n\t\t\t\t<\/div>\n\t\t<div data-particle_enable=\"false\" data-particle-mobile-disabled=\"false\" class=\"elementor-element elementor-element-d2586e9 e-con-full e-flex e-con e-child\" data-id=\"d2586e9\" data-element_type=\"container\" data-e-type=\"container\">\n\t\t\t\t<div class=\"elementor-element elementor-element-a375fde elementor-widget elementor-widget-menu-anchor\" data-id=\"a375fde\" data-element_type=\"widget\" data-e-type=\"widget\" data-widget_type=\"menu-anchor.default\">\n\t\t\t\t\t\t\t<div class=\"elementor-menu-anchor\" id=\"double\"><\/div>\n\t\t\t\t\t\t<\/div>\n\t\t\t\t<div class=\"elementor-element elementor-element-5cf05e9 elementor-widget elementor-widget-text-editor\" data-id=\"5cf05e9\" data-element_type=\"widget\" data-e-type=\"widget\" data-widget_type=\"text-editor.default\">\n\t\t\t\t\t\t\t\t\t<p>Chambre \u00b7 1\u20132 personnes<\/p>\t\t\t\t\t\t\t\t<\/div>\n\t\t\t\t<div class=\"elementor-element elementor-element-ba715f5 elementor-widget elementor-widget-heading\" data-id=\"ba715f5\" data-element_type=\"widget\" data-e-type=\"widget\" data-widget_type=\"heading.default\">\n\t\t\t\t\t<h2 class=\"elementor-heading-title elementor-size-default\">Chambre Double\nVue Panoramique<\/h2>\t\t\t\t<\/div>\n\t\t\t\t<div class=\"elementor-element elementor-element-5089fe4 elementor-widget elementor-widget-text-editor\" data-id=\"5089fe4\" data-element_type=\"widget\" data-e-type=\"widget\" data-widget_type=\"text-editor.default\">\n\t\t\t\t\t\t\t\t\t<p>Nos chambres doubles disposent d&rsquo;un grand balcon privatif avec une vue imprenable sur la vall\u00e9e du Rh\u00f4ne. Alliant d\u00e9coration vintage et confort moderne, elles offrent une atmosph\u00e8re chaleureuse et authentique. Lit b\u00e9b\u00e9 disponible sur demande.<\/p>\t\t\t\t\t\t\t\t<\/div>\n\t\t\t\t<div class=\"elementor-element elementor-element-3305f08 elementor-widget-divider--view-line elementor-widget elementor-widget-divider\" data-id=\"3305f08\" data-element_type=\"widget\" data-e-type=\"widget\" data-widget_type=\"divider.default\">\n\t\t\t\t\t\t\t<div class=\"elementor-divider\">\n\t\t\t<span class=\"elementor-divider-separator\">\n\t\t\t\t\t\t<\/span>\n\t\t<\/div>\n\t\t\t\t\t\t<\/div>\n\t\t\t\t<div class=\"elementor-element elementor-element-a0e1bea elementor-widget elementor-widget-text-editor\" data-id=\"a0e1bea\" data-element_type=\"widget\" data-e-type=\"widget\" data-widget_type=\"text-editor.default\">\n\t\t\t\t\t\t\t\t\t<ul class=\"elsy-specs\"><li>~21 m\u00b2<\/li><li>Balcon privatif<\/li><li>Vue vall\u00e9e du Rh\u00f4ne<\/li><li>Salle de bain privative<\/li><li>TV disponible<\/li><li>1\u20132 personnes<\/li><li>Petit-d\u00e9jeuner inclus<\/li><\/ul>\t\t\t\t\t\t\t\t<\/div>\n\t\t<div data-particle_enable=\"false\" data-particle-mobile-disabled=\"false\" class=\"elementor-element elementor-element-7207abf e-con-full e-flex e-con e-child\" data-id=\"7207abf\" data-element_type=\"container\" data-e-type=\"container\">\n\t\t\t\t<div class=\"elementor-element elementor-element-b26f8bd elementor-widget elementor-widget-text-editor\" data-id=\"b26f8bd\" data-element_type=\"widget\" data-e-type=\"widget\" data-widget_type=\"text-editor.default\">\n\t\t\t\t\t\t\t\t\t<p>\u00c0 partir de CHF 107<\/p>\t\t\t\t\t\t\t\t<\/div>\n\t\t\t\t<div class=\"elementor-element elementor-element-47d57ff elementor-widget elementor-widget-text-editor\" data-id=\"47d57ff\" data-element_type=\"widget\" data-e-type=\"widget\" data-widget_type=\"text-editor.default\">\n\t\t\t\t\t\t\t\t\t<p>\/ nuit \u00b7 Petit-d\u00e9jeuner inclus<\/p>\t\t\t\t\t\t\t\t<\/div>\n\t\t\t\t<\/div>\n\t\t\t\t<div class=\"elementor-element elementor-element-a4b8961 elementor-align-center elementor-widget elementor-widget-button\" data-id=\"a4b8961\" data-element_type=\"widget\" data-e-type=\"widget\" data-widget_type=\"button.default\">\n\t\t\t\t\t\t\t\t\t\t<a class=\"elementor-button elementor-button-link elementor-size-sm\" href=\"https:\/\/booking.roomraccoon.de\/chez-elsy\/fr\/\">\n\t\t\t\t\t\t<span class=\"elementor-button-content-wrapper\">\n\t\t\t\t\t\t\t\t\t<span class=\"elementor-button-text\">R\u00e9server cette chambre<\/span>\n\t\t\t\t\t<\/span>\n\t\t\t\t\t<\/a>\n\t\t\t\t\t\t\t\t<\/div>\n\t\t\t\t<\/div>\n\t\t\t\t<\/div>\n\t\t<div data-particle_enable=\"false\" data-particle-mobile-disabled=\"false\" class=\"elementor-element elementor-element-56ebc7f e-con-full e-flex e-con e-parent\" data-id=\"56ebc7f\" data-element_type=\"container\" data-e-type=\"container\">\n\t\t<div data-particle_enable=\"false\" data-particle-mobile-disabled=\"false\" class=\"elementor-element elementor-element-2d4c6af e-con-full animated-slow e-flex elementor-invisible e-con e-child\" data-id=\"2d4c6af\" data-element_type=\"container\" data-e-type=\"container\" data-settings=\"{&quot;background_background&quot;:&quot;classic&quot;,&quot;animation&quot;:&quot;fadeInUp&quot;,&quot;animation_delay&quot;:300}\">\n\t\t\t\t<\/div>\n\t\t<div data-particle_enable=\"false\" data-particle-mobile-disabled=\"false\" class=\"elementor-element elementor-element-8110d39 e-con-full e-flex e-con e-child\" data-id=\"8110d39\" data-element_type=\"container\" data-e-type=\"container\" data-settings=\"{&quot;background_background&quot;:&quot;classic&quot;}\">\n\t\t\t\t<div class=\"elementor-element elementor-element-1371028 elementor-widget elementor-widget-menu-anchor\" data-id=\"1371028\" data-element_type=\"widget\" data-e-type=\"widget\" data-widget_type=\"menu-anchor.default\">\n\t\t\t\t\t\t\t<div class=\"elementor-menu-anchor\" id=\"simple\"><\/div>\n\t\t\t\t\t\t<\/div>\n\t\t\t\t<div class=\"elementor-element elementor-element-4bbf700 elementor-widget elementor-widget-text-editor\" data-id=\"4bbf700\" data-element_type=\"widget\" data-e-type=\"widget\" data-widget_type=\"text-editor.default\">\n\t\t\t\t\t\t\t\t\t<p>Chambre \u00b7 1 personne<\/p>\t\t\t\t\t\t\t\t<\/div>\n\t\t\t\t<div class=\"elementor-element elementor-element-00f69c6 elementor-widget elementor-widget-heading\" data-id=\"00f69c6\" data-element_type=\"widget\" data-e-type=\"widget\" data-widget_type=\"heading.default\">\n\t\t\t\t\t<h2 class=\"elementor-heading-title elementor-size-default\">Camera Semplice<\/h2>\t\t\t\t<\/div>\n\t\t\t\t<div class=\"elementor-element elementor-element-f2df758 elementor-widget elementor-widget-text-editor\" data-id=\"f2df758\" data-element_type=\"widget\" data-e-type=\"widget\" data-widget_type=\"text-editor.default\">\n\t\t\t\t\t\t\t\t\t<p>Cosy et fonctionnelle, id\u00e9ale pour un s\u00e9jour solo \u00e0 petit prix sans compromis sur le charme. La salle de bain est \u00e0 l&rsquo;\u00e9tage, partag\u00e9e uniquement avec une autre chambre. Sans balcon ni t\u00e9l\u00e9vision \u2014 pour se d\u00e9connecter vraiment.<\/p>\t\t\t\t\t\t\t\t<\/div>\n\t\t\t\t<div class=\"elementor-element elementor-element-fae719f elementor-widget-divider--view-line elementor-widget elementor-widget-divider\" data-id=\"fae719f\" data-element_type=\"widget\" data-e-type=\"widget\" data-widget_type=\"divider.default\">\n\t\t\t\t\t\t\t<div class=\"elementor-divider\">\n\t\t\t<span class=\"elementor-divider-separator\">\n\t\t\t\t\t\t<\/span>\n\t\t<\/div>\n\t\t\t\t\t\t<\/div>\n\t\t\t\t<div class=\"elementor-element elementor-element-c05cec7 elementor-widget elementor-widget-text-editor\" data-id=\"c05cec7\" data-element_type=\"widget\" data-e-type=\"widget\" data-widget_type=\"text-editor.default\">\n\t\t\t\t\t\t\t\t\t<ul class=\"elsy-specs\"><li>~9 m\u00b2<\/li><li>Salle de bain partag\u00e9e (1 chambre)<\/li><li>Sans balcon<\/li><li>Sans TV<\/li><li>1 personne<\/li><li>Petit-d\u00e9jeuner inclus<\/li><\/ul>\t\t\t\t\t\t\t\t<\/div>\n\t\t<div data-particle_enable=\"false\" data-particle-mobile-disabled=\"false\" class=\"elementor-element elementor-element-15a2266 e-con-full e-flex e-con e-child\" data-id=\"15a2266\" data-element_type=\"container\" data-e-type=\"container\">\n\t\t\t\t<div class=\"elementor-element elementor-element-dbd606f elementor-widget elementor-widget-text-editor\" data-id=\"dbd606f\" data-element_type=\"widget\" data-e-type=\"widget\" data-widget_type=\"text-editor.default\">\n\t\t\t\t\t\t\t\t\t<p>\u00c0 partir de CHF 81<\/p>\t\t\t\t\t\t\t\t<\/div>\n\t\t\t\t<div class=\"elementor-element elementor-element-31234d1 elementor-widget elementor-widget-text-editor\" data-id=\"31234d1\" data-element_type=\"widget\" data-e-type=\"widget\" data-widget_type=\"text-editor.default\">\n\t\t\t\t\t\t\t\t\t<p>\/ nuit \u00b7 Petit-d\u00e9jeuner inclus<\/p>\t\t\t\t\t\t\t\t<\/div>\n\t\t\t\t<\/div>\n\t\t\t\t<div class=\"elementor-element elementor-element-67d5201 elementor-align-center elementor-widget elementor-widget-button\" data-id=\"67d5201\" data-element_type=\"widget\" data-e-type=\"widget\" data-widget_type=\"button.default\">\n\t\t\t\t\t\t\t\t\t\t<a class=\"elementor-button elementor-button-link elementor-size-sm\" href=\"https:\/\/booking.roomraccoon.de\/chez-elsy\/fr\/\">\n\t\t\t\t\t\t<span class=\"elementor-button-content-wrapper\">\n\t\t\t\t\t\t\t\t\t<span class=\"elementor-button-text\">R\u00e9server cette chambre<\/span>\n\t\t\t\t\t<\/span>\n\t\t\t\t\t<\/a>\n\t\t\t\t\t\t\t\t<\/div>\n\t\t\t\t<\/div>\n\t\t\t\t<\/div>\n\t\t<div data-particle_enable=\"false\" data-particle-mobile-disabled=\"false\" class=\"elementor-element elementor-element-4617a3b e-con-full elementor-hidden-desktop elementor-hidden-tablet elementor-hidden-mobile e-flex e-con e-parent\" data-id=\"4617a3b\" data-element_type=\"container\" data-e-type=\"container\">\n\t\t<div data-particle_enable=\"false\" data-particle-mobile-disabled=\"false\" class=\"elementor-element elementor-element-a7e192f e-con-full animated-slow e-flex elementor-invisible e-con e-child\" data-id=\"a7e192f\" data-element_type=\"container\" data-e-type=\"container\" data-settings=\"{&quot;background_background&quot;:&quot;classic&quot;,&quot;animation&quot;:&quot;fadeInUp&quot;,&quot;animation_delay&quot;:300}\">\n\t\t\t\t<\/div>\n\t\t<div data-particle_enable=\"false\" data-particle-mobile-disabled=\"false\" class=\"elementor-element elementor-element-a03b6a8 e-con-full e-flex e-con e-child\" data-id=\"a03b6a8\" data-element_type=\"container\" data-e-type=\"container\" data-settings=\"{&quot;background_background&quot;:&quot;classic&quot;}\">\n\t\t\t\t<div class=\"elementor-element elementor-element-713fc50 elementor-widget elementor-widget-text-editor\" data-id=\"713fc50\" data-element_type=\"widget\" data-e-type=\"widget\" data-widget_type=\"text-editor.default\">\n\t\t\t\t\t\t\t\t\t<p>Chambre \u00b7 1\u20132 personnes<\/p>\t\t\t\t\t\t\t\t<\/div>\n\t\t\t\t<div class=\"elementor-element elementor-element-8251a45 elementor-widget elementor-widget-heading\" data-id=\"8251a45\" data-element_type=\"widget\" data-e-type=\"widget\" data-widget_type=\"heading.default\">\n\t\t\t\t\t<h2 class=\"elementor-heading-title elementor-size-default\">Chambre Simple\nSup\u00e9rieure<\/h2>\t\t\t\t<\/div>\n\t\t\t\t<div class=\"elementor-element elementor-element-9da500d elementor-widget elementor-widget-text-editor\" data-id=\"9da500d\" data-element_type=\"widget\" data-e-type=\"widget\" data-widget_type=\"text-editor.default\">\n\t\t\t\t\t\t\t\t\t<p>Un cran au-dessus de la chambre simple : salle de bain privative, t\u00e9l\u00e9vision et balcon avec vue sur les montagnes. L&rsquo;\u00e9quilibre parfait entre confort et authenticit\u00e9, dans l&rsquo;esprit vintage de l&rsquo;h\u00f4tel.<\/p>\t\t\t\t\t\t\t\t<\/div>\n\t\t\t\t<div class=\"elementor-element elementor-element-d2c6449 elementor-widget-divider--view-line elementor-widget elementor-widget-divider\" data-id=\"d2c6449\" data-element_type=\"widget\" data-e-type=\"widget\" data-widget_type=\"divider.default\">\n\t\t\t\t\t\t\t<div class=\"elementor-divider\">\n\t\t\t<span class=\"elementor-divider-separator\">\n\t\t\t\t\t\t<\/span>\n\t\t<\/div>\n\t\t\t\t\t\t<\/div>\n\t\t\t\t<div class=\"elementor-element elementor-element-3cc64c1 elementor-widget elementor-widget-text-editor\" data-id=\"3cc64c1\" data-element_type=\"widget\" data-e-type=\"widget\" data-widget_type=\"text-editor.default\">\n\t\t\t\t\t\t\t\t\t<ul class=\"elsy-specs\"><li>Balcon<\/li><li>Vue sur les montagnes<\/li><li>Salle de bain privative<\/li><li>T\u00e9l\u00e9vision<\/li><li>1\u20132 personnes<\/li><li>Petit-d\u00e9jeuner inclus<\/li><\/ul>\t\t\t\t\t\t\t\t<\/div>\n\t\t<div data-particle_enable=\"false\" data-particle-mobile-disabled=\"false\" class=\"elementor-element elementor-element-77df05e e-con-full e-flex e-con e-child\" data-id=\"77df05e\" data-element_type=\"container\" data-e-type=\"container\">\n\t\t\t\t<div class=\"elementor-element elementor-element-e53bea6 elementor-widget elementor-widget-text-editor\" data-id=\"e53bea6\" data-element_type=\"widget\" data-e-type=\"widget\" data-widget_type=\"text-editor.default\">\n\t\t\t\t\t\t\t\t\t<p>Sur demande<\/p>\t\t\t\t\t\t\t\t<\/div>\n\t\t\t\t<div class=\"elementor-element elementor-element-7aba89e elementor-widget elementor-widget-text-editor\" data-id=\"7aba89e\" data-element_type=\"widget\" data-e-type=\"widget\" data-widget_type=\"text-editor.default\">\n\t\t\t\t\t\t\t\t\t<p>\/ Petit-d\u00e9jeuner inclus<\/p>\t\t\t\t\t\t\t\t<\/div>\n\t\t\t\t<\/div>\n\t\t\t\t<div class=\"elementor-element elementor-element-4aa8f88 elementor-widget elementor-widget-button\" data-id=\"4aa8f88\" data-element_type=\"widget\" data-e-type=\"widget\" data-widget_type=\"button.default\">\n\t\t\t\t\t\t\t\t\t\t<a class=\"elementor-button elementor-button-link elementor-size-sm\" href=\"#\">\n\t\t\t\t\t\t<span class=\"elementor-button-content-wrapper\">\n\t\t\t\t\t\t\t\t\t<span class=\"elementor-button-text\">R\u00e9server cette chambre<\/span>\n\t\t\t\t\t<\/span>\n\t\t\t\t\t<\/a>\n\t\t\t\t\t\t\t\t<\/div>\n\t\t\t\t<\/div>\n\t\t\t\t<\/div>\n\t\t<div data-particle_enable=\"false\" data-particle-mobile-disabled=\"false\" class=\"elementor-element elementor-element-2fca88e e-con-full e-flex e-con e-parent\" data-id=\"2fca88e\" data-element_type=\"container\" data-e-type=\"container\">\n\t\t<div data-particle_enable=\"false\" data-particle-mobile-disabled=\"false\" class=\"elementor-element elementor-element-f1f23d3 e-con-full animated-slow e-flex elementor-invisible e-con e-child\" data-id=\"f1f23d3\" data-element_type=\"container\" data-e-type=\"container\" data-settings=\"{&quot;background_background&quot;:&quot;classic&quot;,&quot;animation&quot;:&quot;fadeInUp&quot;,&quot;animation_delay&quot;:300}\">\n\t\t\t\t<\/div>\n\t\t<div data-particle_enable=\"false\" data-particle-mobile-disabled=\"false\" class=\"elementor-element elementor-element-3be772c e-con-full e-flex e-con e-child\" data-id=\"3be772c\" data-element_type=\"container\" data-e-type=\"container\" data-settings=\"{&quot;background_background&quot;:&quot;classic&quot;}\">\n\t\t\t\t<div class=\"elementor-element elementor-element-46df360 elementor-widget elementor-widget-menu-anchor\" data-id=\"46df360\" data-element_type=\"widget\" data-e-type=\"widget\" data-widget_type=\"menu-anchor.default\">\n\t\t\t\t\t\t\t<div class=\"elementor-menu-anchor\" id=\"quadruple\"><\/div>\n\t\t\t\t\t\t<\/div>\n\t\t\t\t<div class=\"elementor-element elementor-element-db68a19 elementor-widget elementor-widget-text-editor\" data-id=\"db68a19\" data-element_type=\"widget\" data-e-type=\"widget\" data-widget_type=\"text-editor.default\">\n\t\t\t\t\t\t\t\t\t<p>Chambre \u00b7 jusqu&rsquo;\u00e0 4 personnes<\/p>\t\t\t\t\t\t\t\t<\/div>\n\t\t\t\t<div class=\"elementor-element elementor-element-6b1da89 elementor-widget elementor-widget-heading\" data-id=\"6b1da89\" data-element_type=\"widget\" data-e-type=\"widget\" data-widget_type=\"heading.default\">\n\t\t\t\t\t<h2 class=\"elementor-heading-title elementor-size-default\">Camera quadrupla<\/h2>\t\t\t\t<\/div>\n\t\t\t\t<div class=\"elementor-element elementor-element-4b8b46b elementor-widget elementor-widget-text-editor\" data-id=\"4b8b46b\" data-element_type=\"widget\" data-e-type=\"widget\" data-widget_type=\"text-editor.default\">\n\t\t\t\t\t\t\t\t\t<p>Dortoir privatif fra\u00eechement r\u00e9nov\u00e9, parfait pour un s\u00e9jour entre amis ou en petit groupe. Deux lits superpos\u00e9s, salle de douche privative, d\u00e9coration vintage dans une atmosph\u00e8re conviviale. Disponible depuis 2024.<\/p>\t\t\t\t\t\t\t\t<\/div>\n\t\t\t\t<div class=\"elementor-element elementor-element-9b7bd7b elementor-widget-divider--view-line elementor-widget elementor-widget-divider\" data-id=\"9b7bd7b\" data-element_type=\"widget\" data-e-type=\"widget\" data-widget_type=\"divider.default\">\n\t\t\t\t\t\t\t<div class=\"elementor-divider\">\n\t\t\t<span class=\"elementor-divider-separator\">\n\t\t\t\t\t\t<\/span>\n\t\t<\/div>\n\t\t\t\t\t\t<\/div>\n\t\t\t\t<div class=\"elementor-element elementor-element-11205e7 elementor-widget elementor-widget-text-editor\" data-id=\"11205e7\" data-element_type=\"widget\" data-e-type=\"widget\" data-widget_type=\"text-editor.default\">\n\t\t\t\t\t\t\t\t\t<ul class=\"elsy-specs\"><li>~12 m\u00b2<\/li><li>2 lits superpos\u00e9s<\/li><li>Salle de douche privative<\/li><li>Jusqu&rsquo;\u00e0 4 personnes<\/li><li>R\u00e9nov\u00e9e en 2024<\/li><li>Petit-d\u00e9jeuner inclus<\/li><\/ul>\t\t\t\t\t\t\t\t<\/div>\n\t\t<div data-particle_enable=\"false\" data-particle-mobile-disabled=\"false\" class=\"elementor-element elementor-element-a89aa95 e-con-full e-flex e-con e-child\" data-id=\"a89aa95\" data-element_type=\"container\" data-e-type=\"container\">\n\t\t\t\t<div class=\"elementor-element elementor-element-b28c79a elementor-widget elementor-widget-text-editor\" data-id=\"b28c79a\" data-element_type=\"widget\" data-e-type=\"widget\" data-widget_type=\"text-editor.default\">\n\t\t\t\t\t\t\t\t\t<p>\u00c0 partir de CHF 137<\/p>\t\t\t\t\t\t\t\t<\/div>\n\t\t\t\t<div class=\"elementor-element elementor-element-efb865e elementor-widget elementor-widget-text-editor\" data-id=\"efb865e\" data-element_type=\"widget\" data-e-type=\"widget\" data-widget_type=\"text-editor.default\">\n\t\t\t\t\t\t\t\t\t<p>\/ nuit \u00b7 Petit-d\u00e9jeuner inclus<\/p>\t\t\t\t\t\t\t\t<\/div>\n\t\t\t\t<\/div>\n\t\t\t\t<div class=\"elementor-element elementor-element-1a63aa3 elementor-align-center elementor-widget elementor-widget-button\" data-id=\"1a63aa3\" data-element_type=\"widget\" data-e-type=\"widget\" data-widget_type=\"button.default\">\n\t\t\t\t\t\t\t\t\t\t<a class=\"elementor-button elementor-button-link elementor-size-sm\" href=\"https:\/\/booking.roomraccoon.de\/chez-elsy\/fr\/\">\n\t\t\t\t\t\t<span class=\"elementor-button-content-wrapper\">\n\t\t\t\t\t\t\t\t\t<span class=\"elementor-button-text\">R\u00e9server cette chambre<\/span>\n\t\t\t\t\t<\/span>\n\t\t\t\t\t<\/a>\n\t\t\t\t\t\t\t\t<\/div>\n\t\t\t\t<\/div>\n\t\t\t\t<\/div>\n\t\t<div data-particle_enable=\"false\" data-particle-mobile-disabled=\"false\" class=\"elementor-element elementor-element-680770f e-con-full e-flex e-con e-parent\" data-id=\"680770f\" data-element_type=\"container\" data-e-type=\"container\">\n\t\t\t\t<div class=\"elementor-element elementor-element-25b30d4 elementor-widget elementor-widget-html\" data-id=\"25b30d4\" data-element_type=\"widget\" data-e-type=\"widget\" data-widget_type=\"html.default\">\n\t\t\t\t\t<style>\r\n.services-inclus {\r\n  background: #fff;\r\n  padding: 70px 40px;\r\n  text-align: center;\r\n}\r\n.services-inclus h2 {\r\n  font-family: 'EB Garamond', Georgia, serif;\r\n  font-size: 42px;\r\n  font-weight: 400;\r\n  color: #225051;\r\n  margin-bottom: 12px;\r\n}\r\n.services-inclus .sub {\r\n  font-family: 'Oswald', sans-serif;\r\n  font-size: 12px;\r\n  font-weight: 300;\r\n  letter-spacing: .15em;\r\n  text-transform: uppercase;\r\n  color: #6C8789;\r\n  margin-bottom: 52px;\r\n}\r\n.services-grid {\r\n  display: grid;\r\n  grid-template-columns: repeat(4, 1fr);\r\n  gap: 40px 24px;\r\n  max-width: 960px;\r\n  margin: 0 auto;\r\n}\r\n\r\n\/* \u2500\u2500 Animation fade-up \u2500\u2500 *\/\r\n.service-item {\r\n  display: flex;\r\n  flex-direction: column;\r\n  align-items: center;\r\n  gap: 14px;\r\n  opacity: 0;\r\n  transform: translateY(24px);\r\n  transition: opacity .5s ease, transform .5s ease;\r\n}\r\n.service-item.visible {\r\n  opacity: 1;\r\n  transform: translateY(0);\r\n}\r\n\r\n\/* \u2500\u2500 D\u00e9lai progressif \u2500\u2500 *\/\r\n.service-item:nth-child(1) { transition-delay: .05s }\r\n.service-item:nth-child(2) { transition-delay: .12s }\r\n.service-item:nth-child(3) { transition-delay: .19s }\r\n.service-item:nth-child(4) { transition-delay: .26s }\r\n.service-item:nth-child(5) { transition-delay: .33s }\r\n.service-item:nth-child(6) { transition-delay: .40s }\r\n.service-item:nth-child(7) { transition-delay: .47s }\r\n.service-item:nth-child(8) { transition-delay: .54s }\r\n\r\n\/* \u2500\u2500 Cercle ic\u00f4ne \u2500\u2500 *\/\r\n.service-icon {\r\n  width: 64px;\r\n  height: 64px;\r\n  border-radius: 50%;\r\n  border: 1px solid #6C8789;\r\n  display: flex;\r\n  align-items: center;\r\n  justify-content: center;\r\n  font-size: 26px;\r\n  transition: border-color .3s, transform .3s, box-shadow .3s;\r\n}\r\n.service-item:hover .service-icon {\r\n  border-color: #C3963E;\r\n  transform: translateY(-4px);\r\n  box-shadow: 0 8px 20px rgba(34,80,81,.12);\r\n}\r\n\r\n.service-label {\r\n  font-family: 'Oswald', sans-serif;\r\n  font-size: 11px;\r\n  font-weight: 400;\r\n  letter-spacing: .15em;\r\n  text-transform: uppercase;\r\n  color: #225051;\r\n  transition: color .3s;\r\n}\r\n.service-item:hover .service-label { color: #C3963E; }\r\n\r\n.service-desc {\r\n  font-family: 'Oswald', sans-serif;\r\n  font-size: 13px;\r\n  font-weight: 300;\r\n  color: #6C8789;\r\n  line-height: 1.6;\r\n  max-width: 180px;\r\n}\r\n\r\n@media (max-width: 700px) {\r\n  .services-grid { grid-template-columns: repeat(2, 1fr); }\r\n}\r\n<\/style>\r\n\r\n<div class=\"services-inclus\">\r\n  <h2>Tout ce qui est inclus<\/h2>\r\n  <p class=\"sub\">Des services pens\u00e9s pour que vous ne manquiez de rien<\/p>\r\n  <div class=\"services-grid\">\r\n    <div class=\"service-item\">\r\n      <div class=\"service-icon\">\u2615<\/div>\r\n      <p class=\"service-label\">Petit-d\u00e9jeuner<\/p>\r\n      <p class=\"service-desc\">Servi chaque matin de 8h \u00e0 10h, inclus dans le s\u00e9jour<\/p>\r\n    <\/div>\r\n    <div class=\"service-item\">\r\n      <div class=\"service-icon\">\ud83c\udd7f\ufe0f<\/div>\r\n      <p class=\"service-label\">Parking gratuit<\/p>\r\n      <p class=\"service-desc\">Une place assur\u00e9e, sans frais, directement sur place<\/p>\r\n    <\/div>\r\n    <div class=\"service-item\">\r\n      <div class=\"service-icon\">\ud83d\ude8c<\/div>\r\n      <p class=\"service-label\">Navette gratuite<\/p>\r\n      <p class=\"service-desc\">Vers la station en 3 minutes, arr\u00eat Essampilles \u00e0 2 min \u00e0 pied<\/p>\r\n    <\/div>\r\n    <div class=\"service-item\">\r\n      <div class=\"service-icon\">\ud83d\udd11<\/div>\r\n      <p class=\"service-label\">Easy Check-in<\/p>\r\n      <p class=\"service-desc\">Arriv\u00e9e tardive ou d\u00e9part t\u00f4t ? On s'adapte \u00e0 votre rythme<\/p>\r\n    <\/div>\r\n    <div class=\"service-item\">\r\n      <div class=\"service-icon\">\u26f7\ufe0f<\/div>\r\n      <p class=\"service-label\">Ski Room<\/p>\r\n      <p class=\"service-desc\">Consigne \u00e0 skis s\u00e9curis\u00e9e \u00e0 votre disposition<\/p>\r\n    <\/div>\r\n    <div class=\"service-item\">\r\n      <div class=\"service-icon\">\ud83d\udeb2<\/div>\r\n      <p class=\"service-label\">Bike Room<\/p>\r\n      <p class=\"service-desc\">Rangez vos v\u00e9los en toute s\u00e9curit\u00e9 pendant votre s\u00e9jour<\/p>\r\n    <\/div>\r\n    <div class=\"service-item\">\r\n      <div class=\"service-icon\">\ud83d\udcf6<\/div>\r\n      <p class=\"service-label\">Wifi gratuit<\/p>\r\n      <p class=\"service-desc\">R\u00e9seau \u00ab Chez Elsy \u2013 Clients \u00bb, sans mot de passe<\/p>\r\n    <\/div>\r\n    <div class=\"service-item\">\r\n      <div class=\"service-icon\">\ud83e\uded6<\/div>\r\n      <p class=\"service-label\">Salon th\u00e9 & caf\u00e9<\/p>\r\n      <p class=\"service-desc\">Espace commun au 1er \u00e9tage, ouvert en permanence<\/p>\r\n    <\/div>\r\n  <\/div>\r\n<\/div>\r\n\r\n<script>\r\nconst observer = new IntersectionObserver((entries) => {\r\n  entries.forEach(e => { if (e.isIntersecting) e.target.classList.add('visible') });\r\n}, { threshold: 0.15 });\r\ndocument.querySelectorAll('.service-item').forEach(el => observer.observe(el));\r\n<\/script>\t\t\t\t<\/div>\n\t\t\t\t<\/div>\n\t\t<div data-particle_enable=\"false\" data-particle-mobile-disabled=\"false\" class=\"elementor-element elementor-element-3ef8c78 e-con-full e-flex e-con e-parent\" data-id=\"3ef8c78\" data-element_type=\"container\" data-e-type=\"container\">\n\t\t<div data-particle_enable=\"false\" data-particle-mobile-disabled=\"false\" class=\"elementor-element elementor-element-bad97ad e-con-full animated-slow e-flex elementor-invisible e-con e-child\" data-id=\"bad97ad\" data-element_type=\"container\" data-e-type=\"container\" data-settings=\"{&quot;background_background&quot;:&quot;classic&quot;,&quot;animation&quot;:&quot;fadeInUp&quot;,&quot;animation_delay&quot;:300}\">\n\t\t\t\t<\/div>\n\t\t<div data-particle_enable=\"false\" data-particle-mobile-disabled=\"false\" class=\"elementor-element elementor-element-f1a05b1 e-con-full e-flex e-con e-child\" data-id=\"f1a05b1\" data-element_type=\"container\" data-e-type=\"container\" data-settings=\"{&quot;background_background&quot;:&quot;classic&quot;}\">\n\t\t\t\t<div class=\"elementor-element elementor-element-52ad41b elementor-widget elementor-widget-text-editor\" data-id=\"52ad41b\" data-element_type=\"widget\" data-e-type=\"widget\" data-widget_type=\"text-editor.default\">\n\t\t\t\t\t\t\t\t\t<p>Un acceuil privatif \u00e0 Crans-Montana<\/p>\t\t\t\t\t\t\t\t<\/div>\n\t\t\t\t<div class=\"elementor-element elementor-element-55da2de elementor-widget elementor-widget-heading\" data-id=\"55da2de\" data-element_type=\"widget\" data-e-type=\"widget\" data-widget_type=\"heading.default\">\n\t\t\t\t\t<h2 class=\"elementor-heading-title elementor-size-default\">Groupes &amp; privatisation<\/h2>\t\t\t\t<\/div>\n\t\t\t\t<div class=\"elementor-element elementor-element-9637383 elementor-widget elementor-widget-text-editor\" data-id=\"9637383\" data-element_type=\"widget\" data-e-type=\"widget\" data-widget_type=\"text-editor.default\">\n\t\t\t\t\t\t\t\t\t<p>L&rsquo;h\u00f4tel Chez Elsy peut accueillir confortablement jusqu&rsquo;\u00e0 24 personnes. Location \u00e0 la semaine ou au mois \u00e0 prix d\u00e9gressifs, selon disponibilit\u00e9s.<\/p><p>Privatisation compl\u00e8te de l&rsquo;\u00e9tablissement possible selon vos souhaits \u2014 pour un s\u00e9minaire, un s\u00e9jour en famille ou un \u00e9v\u00e9nement sur mesure.<\/p>\t\t\t\t\t\t\t\t<\/div>\n\t\t<div data-particle_enable=\"false\" data-particle-mobile-disabled=\"false\" class=\"elementor-element elementor-element-51b77e5 e-con-full e-flex e-con e-child\" data-id=\"51b77e5\" data-element_type=\"container\" data-e-type=\"container\">\n\t\t\t\t<div class=\"elementor-element elementor-element-77487b6 elementor-widget elementor-widget-button\" data-id=\"77487b6\" data-element_type=\"widget\" data-e-type=\"widget\" data-widget_type=\"button.default\">\n\t\t\t\t\t\t\t\t\t\t<a class=\"elementor-button elementor-button-link elementor-size-sm\" href=\"https:\/\/chezelsy.ch\/it\/contact\/\">\n\t\t\t\t\t\t<span class=\"elementor-button-content-wrapper\">\n\t\t\t\t\t\t\t\t\t<span class=\"elementor-button-text\">Contattaci<\/span>\n\t\t\t\t\t<\/span>\n\t\t\t\t\t<\/a>\n\t\t\t\t\t\t\t\t<\/div>\n\t\t\t\t<div class=\"elementor-element elementor-element-de51b58 elementor-widget elementor-widget-button\" data-id=\"de51b58\" data-element_type=\"widget\" data-e-type=\"widget\" data-widget_type=\"button.default\">\n\t\t\t\t\t\t\t\t\t\t<a class=\"elementor-button elementor-button-link elementor-size-sm\" href=\"https:\/\/booking.roomraccoon.de\/chez-elsy\/fr\/\">\n\t\t\t\t\t\t<span class=\"elementor-button-content-wrapper\">\n\t\t\t\t\t\t\t\t\t<span class=\"elementor-button-text\">R\u00e9servations<\/span>\n\t\t\t\t\t<\/span>\n\t\t\t\t\t<\/a>\n\t\t\t\t\t\t\t\t<\/div>\n\t\t\t\t<\/div>\n\t\t\t\t<\/div>\n\t\t\t\t<\/div>\n\t\t<div data-particle_enable=\"false\" data-particle-mobile-disabled=\"false\" class=\"elementor-element elementor-element-fcf1028 e-flex e-con-boxed e-con e-parent\" data-id=\"fcf1028\" data-element_type=\"container\" data-e-type=\"container\">\n\t\t\t\t\t<div class=\"e-con-inner\">\n\t\t\t\t<div class=\"elementor-element elementor-element-919ad23 elementor-widget elementor-widget-heading\" data-id=\"919ad23\" data-element_type=\"widget\" data-e-type=\"widget\" data-widget_type=\"heading.default\">\n\t\t\t\t\t<h2 class=\"elementor-heading-title elementor-size-default\">Pr\u00eat \u00e0 poser vos valises ?<\/h2>\t\t\t\t<\/div>\n\t\t\t\t<div class=\"elementor-element elementor-element-9b2fc76 elementor-widget elementor-widget-text-editor\" data-id=\"9b2fc76\" data-element_type=\"widget\" data-e-type=\"widget\" data-widget_type=\"text-editor.default\">\n\t\t\t\t\t\t\t\t\t<p>V\u00e9rifiez les disponibilit\u00e9s et r\u00e9servez directement en ligne \u2014 sans interm\u00e9diaire.<\/p>\t\t\t\t\t\t\t\t<\/div>\n\t\t<div data-particle_enable=\"false\" data-particle-mobile-disabled=\"false\" class=\"elementor-element elementor-element-28a5397 e-con-full e-flex e-con e-child\" data-id=\"28a5397\" data-element_type=\"container\" data-e-type=\"container\">\n\t\t\t\t<div class=\"elementor-element elementor-element-dd6d47a elementor-widget elementor-widget-button\" data-id=\"dd6d47a\" data-element_type=\"widget\" data-e-type=\"widget\" data-widget_type=\"button.default\">\n\t\t\t\t\t\t\t\t\t\t<a class=\"elementor-button elementor-button-link elementor-size-sm\" href=\"https:\/\/booking.roomraccoon.de\/chez-elsy\/fr\/\">\n\t\t\t\t\t\t<span class=\"elementor-button-content-wrapper\">\n\t\t\t\t\t\t\t\t\t<span class=\"elementor-button-text\">V\u00e9rifier les disponibilit\u00e9s<\/span>\n\t\t\t\t\t<\/span>\n\t\t\t\t\t<\/a>\n\t\t\t\t\t\t\t\t<\/div>\n\t\t\t\t<div class=\"elementor-element elementor-element-169b06c elementor-widget elementor-widget-button\" data-id=\"169b06c\" data-element_type=\"widget\" data-e-type=\"widget\" data-widget_type=\"button.default\">\n\t\t\t\t\t\t\t\t\t\t<a class=\"elementor-button elementor-button-link elementor-size-sm\" href=\"https:\/\/chezelsy.ch\/it\/contact\/\">\n\t\t\t\t\t\t<span class=\"elementor-button-content-wrapper\">\n\t\t\t\t\t\t\t\t\t<span class=\"elementor-button-text\">Contattaci<\/span>\n\t\t\t\t\t<\/span>\n\t\t\t\t\t<\/a>\n\t\t\t\t\t\t\t\t<\/div>\n\t\t\t\t<\/div>\n\t\t\t\t\t<\/div>\n\t\t\t\t<\/div>\n\t\t\t\t<\/div>","protected":false},"excerpt":{"rendered":"<p>Crans-Montana \u00b7 H\u00f4tel familial depuis 1961. Nos Chambres Vos nuits de r\u00eaves \u00e0 Crans-Montana Des chambres avec caract\u00e8re, une vue qui donne envie de rester L&rsquo;h\u00f4tel Chez Elsy dispose de neuf chambres doubles, de deux chambres simples et d&rsquo;une chambre quadruple fra\u00eechement r\u00e9nov\u00e9e \u2014 soit 24 lits au total. Une d\u00e9coration vintage, une ambiance familiale [&hellip;]<\/p>\n","protected":false},"author":1,"featured_media":0,"parent":0,"menu_order":0,"comment_status":"closed","ping_status":"closed","template":"","meta":{"footnotes":""},"class_list":["post-38","page","type-page","status-publish","hentry"],"aioseo_notices":[],"_links":{"self":[{"href":"https:\/\/chezelsy.ch\/it\/wp-json\/wp\/v2\/pages\/38","targetHints":{"allow":["GET"]}}],"collection":[{"href":"https:\/\/chezelsy.ch\/it\/wp-json\/wp\/v2\/pages"}],"about":[{"href":"https:\/\/chezelsy.ch\/it\/wp-json\/wp\/v2\/types\/page"}],"author":[{"embeddable":true,"href":"https:\/\/chezelsy.ch\/it\/wp-json\/wp\/v2\/users\/1"}],"replies":[{"embeddable":true,"href":"https:\/\/chezelsy.ch\/it\/wp-json\/wp\/v2\/comments?post=38"}],"version-history":[{"count":115,"href":"https:\/\/chezelsy.ch\/it\/wp-json\/wp\/v2\/pages\/38\/revisions"}],"predecessor-version":[{"id":953,"href":"https:\/\/chezelsy.ch\/it\/wp-json\/wp\/v2\/pages\/38\/revisions\/953"}],"wp:attachment":[{"href":"https:\/\/chezelsy.ch\/it\/wp-json\/wp\/v2\/media?parent=38"}],"curies":[{"name":"wp","href":"https:\/\/api.w.org\/{rel}","templated":true}]}}